{"id":1100,"date":"2025-05-05T15:40:09","date_gmt":"2025-05-05T13:40:09","guid":{"rendered":"https:\/\/museoriente.com\/quien-somos\/"},"modified":"2025-05-27T16:10:42","modified_gmt":"2025-05-27T14:10:42","slug":"quien-somos","status":"publish","type":"page","link":"https:\/\/museoriente.com\/ast\/quien-somos\/","title":{"rendered":"\u00bfQui\u00e9n somos?"},"content":{"rendered":"\t\t<div data-elementor-type=\"wp-page\" data-elementor-id=\"1100\" class=\"elementor elementor-1100 elementor-559\" data-elementor-post-type=\"page\">\n\t\t\t\t<div class=\"elementor-element elementor-element-54a08d5 e-flex e-con-boxed e-con e-parent\" data-id=\"54a08d5\" data-element_type=\"container\" data-settings=\"{&quot;background_background&quot;:&quot;classic&quot;}\">\n\t\t\t\t\t<div class=\"e-con-inner\">\n\t\t\t\t\t<\/div>\n\t\t\t\t<\/div>\n\t\t<div class=\"elementor-element elementor-element-a8e55d0 e-flex e-con-boxed e-con e-parent\" data-id=\"a8e55d0\" data-element_type=\"container\">\n\t\t\t\t\t<div class=\"e-con-inner\">\n\t\t<div class=\"elementor-element elementor-element-e61fe03 e-con-full e-flex e-con e-child\" data-id=\"e61fe03\" data-element_type=\"container\">\n\t\t\t\t<div class=\"elementor-element elementor-element-98bee98 elementor-invisible elementor-widget elementor-widget-heading\" data-id=\"98bee98\" data-element_type=\"widget\" data-settings=\"{&quot;_animation&quot;:&quot;fadeInLeft&quot;,&quot;_animation_delay&quot;:200,&quot;motion_fx_motion_fx_scrolling&quot;:&quot;yes&quot;,&quot;motion_fx_translateX_effect&quot;:&quot;yes&quot;,&quot;motion_fx_translateX_direction&quot;:&quot;negative&quot;,&quot;motion_fx_translateX_speed&quot;:{&quot;unit&quot;:&quot;px&quot;,&quot;size&quot;:1.4,&quot;sizes&quot;:[]},&quot;_animation_mobile&quot;:&quot;none&quot;,&quot;motion_fx_translateX_affectedRange&quot;:{&quot;unit&quot;:&quot;%&quot;,&quot;size&quot;:&quot;&quot;,&quot;sizes&quot;:{&quot;start&quot;:0,&quot;end&quot;:100}},&quot;motion_fx_devices&quot;:[&quot;widescreen&quot;,&quot;desktop&quot;,&quot;laptop&quot;,&quot;tablet_extra&quot;,&quot;tablet&quot;,&quot;mobile_extra&quot;,&quot;mobile&quot;]}\" data-widget_type=\"heading.default\">\n\t\t\t\t\t<h2 class=\"elementor-heading-title elementor-size-default\">\u00bfQui\u00e9n somos?<\/h2>\t\t\t\t<\/div>\n\t\t\t\t<div class=\"elementor-element elementor-element-d619d31 elementor-invisible elementor-widget elementor-widget-image\" data-id=\"d619d31\" data-element_type=\"widget\" data-settings=\"{&quot;_animation&quot;:&quot;fadeInUp&quot;}\" data-widget_type=\"image.default\">\n\t\t\t\t\t\t\t\t\t\t\t\t\t\t\t<img fetchpriority=\"high\" decoding=\"async\" width=\"800\" height=\"800\" src=\"https:\/\/museoriente.com\/wp-content\/uploads\/2025\/05\/MOA-7-1024x1024.jpg\" class=\"attachment-large size-large wp-image-1101\" alt=\"\" srcset=\"https:\/\/museoriente.com\/wp-content\/uploads\/2025\/05\/MOA-7-1024x1024.jpg 1024w, https:\/\/museoriente.com\/wp-content\/uploads\/2025\/05\/MOA-7-300x300.jpg 300w, https:\/\/museoriente.com\/wp-content\/uploads\/2025\/05\/MOA-7-150x150.jpg 150w, https:\/\/museoriente.com\/wp-content\/uploads\/2025\/05\/MOA-7-768x768.jpg 768w, https:\/\/museoriente.com\/wp-content\/uploads\/2025\/05\/MOA-7.jpg 1456w\" sizes=\"(max-width: 800px) 100vw, 800px\" \/>\t\t\t\t\t\t\t\t\t\t\t\t\t\t\t<\/div>\n\t\t\t\t<\/div>\n\t\t<div class=\"elementor-element elementor-element-bcdbeff e-con-full e-flex e-con e-child\" data-id=\"bcdbeff\" data-element_type=\"container\">\n\t\t\t\t<div class=\"elementor-element elementor-element-c17cec1 elementor-invisible elementor-widget elementor-widget-text-editor\" data-id=\"c17cec1\" data-element_type=\"widget\" data-settings=\"{&quot;_animation&quot;:&quot;fadeInUp&quot;}\" data-widget_type=\"text-editor.default\">\n\t\t\t\t\t\t\t\t\t<p><span style=\"font-weight: 400;\"><strong>El Mus\u00e9u del Oriente d\u2019Asturias<\/strong> \u00e9 una instituci\u00f3n cultural creada pa conservar, documentar, investigar y dar a conocer los rasgos culturales d\u2019esta comarca asturiana, dende una perspectiva cr\u00edtica, social y entretenida.<\/span><span style=\"font-weight: 400;\"> <\/span><\/p><p><span style=\"font-weight: 400;\">Nas nuestras instalaciones revelamos las sos claves interpretativas, enriestrando trabayos, oficios y saberes tradicionales colos cambios produc\u00edos pola<strong> industrializaci\u00f3n y emigraci\u00f3n a Am\u00e9rica dende\u2019l sieglu XIX.<\/strong><\/span><\/p><p><span style=\"font-weight: 400;\">El mus\u00e9u convirti\u00f3se nun <strong>centru cultural de referencia<\/strong> que tien un programa ampliu d\u2019esposiciones y actividaes culturales a lo llargu l\u2019a\u00f1u. <\/span><\/p><p>La <strong>Fundaci\u00f3n Mus\u00e9u Etnogr\u00e1ficu del Oriente d&#8217;Asturies<\/strong> ye nuesa titular.<span style=\"font-weight: 400;\"> Formamos parte de la Rede de Museos Etnogr\u00e1ficos d&#8217;Asturies (<\/span><a href=\"https:\/\/redmeda.com\/\"><span style=\"font-weight: 400;\">Rede MEDA<\/span><\/a><span style=\"font-weight: 400;\">) y de l&#8217;Asociaci\u00f3n d&#8217;Antropolox\u00eda del Est\u00e1u Espa\u00f1ol (<\/span><a href=\"https:\/\/asaee-antropologia.org\/\"><span style=\"font-weight: 400;\">ASAEE<\/span><\/a><span style=\"font-weight: 400;\">).<\/span><br><br><\/p>\t\t\t\t\t\t\t\t<\/div>\n\t\t\t\t<\/div>\n\t\t\t\t\t<\/div>\n\t\t\t\t<\/div>\n\t\t\t\t<\/div>\n\t\t","protected":false},"excerpt":{"rendered":"<p>\u00bfQui\u00e9n somos? El Mus\u00e9u del Oriente d\u2019Asturias \u00e9 una instituci\u00f3n cultural creada pa conservar, documentar, investigar y dar a conocer los rasgos culturales d\u2019esta comarca asturiana, dende una perspectiva cr\u00edtica, social y entretenida. Nas nuestras instalaciones revelamos las sos claves interpretativas, enriestrando trabayos, oficios y saberes tradicionales colos cambios produc\u00edos pola industrializaci\u00f3n y emigraci\u00f3n a [&hellip;]<\/p>\n","protected":false},"author":5,"featured_media":1103,"parent":0,"menu_order":2,"comment_status":"closed","ping_status":"closed","template":"elementor_header_footer","meta":{"_acf_changed":false,"footnotes":""},"class_list":["post-1100","page","type-page","status-publish","has-post-thumbnail","hentry"],"acf":[],"yoast_head":"<!-- This site is optimized with the Yoast SEO plugin v25.1 - https:\/\/yoast.com\/wordpress\/plugins\/seo\/ -->\n<title>\u00bfQui\u00e9n somos? - Museo del Oriente de Asturias<\/title>\n<meta name=\"description\" content=\"Afaya&#039;l Mus\u00e9u Etnogr\u00e1ficu n&#039;Asturies y som\u00f3rguiate na hestoria y tradiciones del Oriente asturianu. Vis\u00edtanos en Porr\u00faa.\" \/>\n<meta name=\"robots\" content=\"index, follow, max-snippet:-1, max-image-preview:large, max-video-preview:-1\" \/>\n<link rel=\"canonical\" href=\"https:\/\/museoriente.com\/ast\/quien-somos\/\" \/>\n<meta property=\"og:locale\" content=\"en_US\" \/>\n<meta property=\"og:type\" content=\"article\" \/>\n<meta property=\"og:title\" content=\"\u00bfQui\u00e9n somos? - Museo del Oriente de Asturias\" \/>\n<meta property=\"og:description\" content=\"Afaya&#039;l Mus\u00e9u Etnogr\u00e1ficu n&#039;Asturies y som\u00f3rguiate na hestoria y tradiciones del Oriente asturianu. Vis\u00edtanos en Porr\u00faa.\" \/>\n<meta property=\"og:url\" content=\"https:\/\/museoriente.com\/ast\/quien-somos\/\" \/>\n<meta property=\"og:site_name\" content=\"Museo del Oriente de Asturias\" \/>\n<meta property=\"article:modified_time\" content=\"2025-05-27T14:10:42+00:00\" \/>\n<meta property=\"og:image\" content=\"https:\/\/museoriente.com\/wp-content\/uploads\/2024\/12\/familia-caseria-rural-llacin.webp\" \/>\n\t<meta property=\"og:image:width\" content=\"577\" \/>\n\t<meta property=\"og:image:height\" content=\"800\" \/>\n\t<meta property=\"og:image:type\" content=\"image\/webp\" \/>\n<meta name=\"twitter:card\" content=\"summary_large_image\" \/>\n<meta name=\"twitter:label1\" content=\"Est. reading time\" \/>\n\t<meta name=\"twitter:data1\" content=\"1 minute\" \/>\n<script type=\"application\/ld+json\" class=\"yoast-schema-graph\">{\"@context\":\"https:\/\/schema.org\",\"@graph\":[{\"@type\":\"WebPage\",\"@id\":\"https:\/\/museoriente.com\/ast\/quien-somos\/\",\"url\":\"https:\/\/museoriente.com\/ast\/quien-somos\/\",\"name\":\"\u00bfQui\u00e9n somos? - Museo del Oriente de Asturias\",\"isPartOf\":{\"@id\":\"https:\/\/museoriente.com\/ast\/#website\"},\"primaryImageOfPage\":{\"@id\":\"https:\/\/museoriente.com\/ast\/quien-somos\/#primaryimage\"},\"image\":{\"@id\":\"https:\/\/museoriente.com\/ast\/quien-somos\/#primaryimage\"},\"thumbnailUrl\":\"https:\/\/museoriente.com\/wp-content\/uploads\/2024\/12\/familia-caseria-rural-llacin.webp\",\"datePublished\":\"2025-05-05T13:40:09+00:00\",\"dateModified\":\"2025-05-27T14:10:42+00:00\",\"description\":\"Afaya'l Mus\u00e9u Etnogr\u00e1ficu n'Asturies y som\u00f3rguiate na hestoria y tradiciones del Oriente asturianu. Vis\u00edtanos en Porr\u00faa.\",\"breadcrumb\":{\"@id\":\"https:\/\/museoriente.com\/ast\/quien-somos\/#breadcrumb\"},\"inLanguage\":\"ast-AST\",\"potentialAction\":[{\"@type\":\"ReadAction\",\"target\":[\"https:\/\/museoriente.com\/ast\/quien-somos\/\"]}]},{\"@type\":\"ImageObject\",\"inLanguage\":\"ast-AST\",\"@id\":\"https:\/\/museoriente.com\/ast\/quien-somos\/#primaryimage\",\"url\":\"https:\/\/museoriente.com\/wp-content\/uploads\/2024\/12\/familia-caseria-rural-llacin.webp\",\"contentUrl\":\"https:\/\/museoriente.com\/wp-content\/uploads\/2024\/12\/familia-caseria-rural-llacin.webp\",\"width\":577,\"height\":800},{\"@type\":\"BreadcrumbList\",\"@id\":\"https:\/\/museoriente.com\/ast\/quien-somos\/#breadcrumb\",\"itemListElement\":[{\"@type\":\"ListItem\",\"position\":1,\"name\":\"Portada\",\"item\":\"https:\/\/museoriente.com\/ast\/el-museo\/\"},{\"@type\":\"ListItem\",\"position\":2,\"name\":\"\u00bfQui\u00e9n somos?\"}]},{\"@type\":\"WebSite\",\"@id\":\"https:\/\/museoriente.com\/ast\/#website\",\"url\":\"https:\/\/museoriente.com\/ast\/\",\"name\":\"Museo Etnogr\u00e1fico del Oriente de Asturias\",\"description\":\"A mitad de camino entre el mar y la monta\u00f1a\",\"publisher\":{\"@id\":\"https:\/\/museoriente.com\/ast\/#organization\"},\"potentialAction\":[{\"@type\":\"SearchAction\",\"target\":{\"@type\":\"EntryPoint\",\"urlTemplate\":\"https:\/\/museoriente.com\/ast\/?s={search_term_string}\"},\"query-input\":{\"@type\":\"PropertyValueSpecification\",\"valueRequired\":true,\"valueName\":\"search_term_string\"}}],\"inLanguage\":\"ast-AST\"},{\"@type\":\"Organization\",\"@id\":\"https:\/\/museoriente.com\/ast\/#organization\",\"name\":\"Museo Etnogr\u00e1fico del Oriente de Asturias\",\"url\":\"https:\/\/museoriente.com\/ast\/\",\"logo\":{\"@type\":\"ImageObject\",\"inLanguage\":\"ast-AST\",\"@id\":\"https:\/\/museoriente.com\/ast\/#\/schema\/logo\/image\/\",\"url\":\"https:\/\/museoriente.com\/wp-content\/uploads\/2025\/05\/cropped-LOGO-MOA-FINAL-2025-HORIZONTAL.png\",\"contentUrl\":\"https:\/\/museoriente.com\/wp-content\/uploads\/2025\/05\/cropped-LOGO-MOA-FINAL-2025-HORIZONTAL.png\",\"width\":1372,\"height\":392,\"caption\":\"Museo Etnogr\u00e1fico del Oriente de Asturias\"},\"image\":{\"@id\":\"https:\/\/museoriente.com\/ast\/#\/schema\/logo\/image\/\"}}]}<\/script>\n<!-- \/ Yoast SEO plugin. -->","yoast_head_json":{"title":"\u00bfQui\u00e9n somos? - Museo del Oriente de Asturias","description":"Afaya'l Mus\u00e9u Etnogr\u00e1ficu n'Asturies y som\u00f3rguiate na hestoria y tradiciones del Oriente asturianu. Vis\u00edtanos en Porr\u00faa.","robots":{"index":"index","follow":"follow","max-snippet":"max-snippet:-1","max-image-preview":"max-image-preview:large","max-video-preview":"max-video-preview:-1"},"canonical":"https:\/\/museoriente.com\/ast\/quien-somos\/","og_locale":"en_US","og_type":"article","og_title":"\u00bfQui\u00e9n somos? - Museo del Oriente de Asturias","og_description":"Afaya'l Mus\u00e9u Etnogr\u00e1ficu n'Asturies y som\u00f3rguiate na hestoria y tradiciones del Oriente asturianu. Vis\u00edtanos en Porr\u00faa.","og_url":"https:\/\/museoriente.com\/ast\/quien-somos\/","og_site_name":"Museo del Oriente de Asturias","article_modified_time":"2025-05-27T14:10:42+00:00","og_image":[{"width":577,"height":800,"url":"https:\/\/museoriente.com\/wp-content\/uploads\/2024\/12\/familia-caseria-rural-llacin.webp","type":"image\/webp"}],"twitter_card":"summary_large_image","twitter_misc":{"Est. reading time":"1 minute"},"schema":{"@context":"https:\/\/schema.org","@graph":[{"@type":"WebPage","@id":"https:\/\/museoriente.com\/ast\/quien-somos\/","url":"https:\/\/museoriente.com\/ast\/quien-somos\/","name":"\u00bfQui\u00e9n somos? - Museo del Oriente de Asturias","isPartOf":{"@id":"https:\/\/museoriente.com\/ast\/#website"},"primaryImageOfPage":{"@id":"https:\/\/museoriente.com\/ast\/quien-somos\/#primaryimage"},"image":{"@id":"https:\/\/museoriente.com\/ast\/quien-somos\/#primaryimage"},"thumbnailUrl":"https:\/\/museoriente.com\/wp-content\/uploads\/2024\/12\/familia-caseria-rural-llacin.webp","datePublished":"2025-05-05T13:40:09+00:00","dateModified":"2025-05-27T14:10:42+00:00","description":"Afaya'l Mus\u00e9u Etnogr\u00e1ficu n'Asturies y som\u00f3rguiate na hestoria y tradiciones del Oriente asturianu. Vis\u00edtanos en Porr\u00faa.","breadcrumb":{"@id":"https:\/\/museoriente.com\/ast\/quien-somos\/#breadcrumb"},"inLanguage":"ast-AST","potentialAction":[{"@type":"ReadAction","target":["https:\/\/museoriente.com\/ast\/quien-somos\/"]}]},{"@type":"ImageObject","inLanguage":"ast-AST","@id":"https:\/\/museoriente.com\/ast\/quien-somos\/#primaryimage","url":"https:\/\/museoriente.com\/wp-content\/uploads\/2024\/12\/familia-caseria-rural-llacin.webp","contentUrl":"https:\/\/museoriente.com\/wp-content\/uploads\/2024\/12\/familia-caseria-rural-llacin.webp","width":577,"height":800},{"@type":"BreadcrumbList","@id":"https:\/\/museoriente.com\/ast\/quien-somos\/#breadcrumb","itemListElement":[{"@type":"ListItem","position":1,"name":"Portada","item":"https:\/\/museoriente.com\/ast\/el-museo\/"},{"@type":"ListItem","position":2,"name":"\u00bfQui\u00e9n somos?"}]},{"@type":"WebSite","@id":"https:\/\/museoriente.com\/ast\/#website","url":"https:\/\/museoriente.com\/ast\/","name":"Museo Etnogr\u00e1fico del Oriente de Asturias","description":"A mitad de camino entre el mar y la monta\u00f1a","publisher":{"@id":"https:\/\/museoriente.com\/ast\/#organization"},"potentialAction":[{"@type":"SearchAction","target":{"@type":"EntryPoint","urlTemplate":"https:\/\/museoriente.com\/ast\/?s={search_term_string}"},"query-input":{"@type":"PropertyValueSpecification","valueRequired":true,"valueName":"search_term_string"}}],"inLanguage":"ast-AST"},{"@type":"Organization","@id":"https:\/\/museoriente.com\/ast\/#organization","name":"Museo Etnogr\u00e1fico del Oriente de Asturias","url":"https:\/\/museoriente.com\/ast\/","logo":{"@type":"ImageObject","inLanguage":"ast-AST","@id":"https:\/\/museoriente.com\/ast\/#\/schema\/logo\/image\/","url":"https:\/\/museoriente.com\/wp-content\/uploads\/2025\/05\/cropped-LOGO-MOA-FINAL-2025-HORIZONTAL.png","contentUrl":"https:\/\/museoriente.com\/wp-content\/uploads\/2025\/05\/cropped-LOGO-MOA-FINAL-2025-HORIZONTAL.png","width":1372,"height":392,"caption":"Museo Etnogr\u00e1fico del Oriente de Asturias"},"image":{"@id":"https:\/\/museoriente.com\/ast\/#\/schema\/logo\/image\/"}}]}},"_links":{"self":[{"href":"https:\/\/museoriente.com\/ast\/wp-json\/wp\/v2\/pages\/1100","targetHints":{"allow":["GET"]}}],"collection":[{"href":"https:\/\/museoriente.com\/ast\/wp-json\/wp\/v2\/pages"}],"about":[{"href":"https:\/\/museoriente.com\/ast\/wp-json\/wp\/v2\/types\/page"}],"author":[{"embeddable":true,"href":"https:\/\/museoriente.com\/ast\/wp-json\/wp\/v2\/users\/5"}],"replies":[{"embeddable":true,"href":"https:\/\/museoriente.com\/ast\/wp-json\/wp\/v2\/comments?post=1100"}],"version-history":[{"count":13,"href":"https:\/\/museoriente.com\/ast\/wp-json\/wp\/v2\/pages\/1100\/revisions"}],"predecessor-version":[{"id":2520,"href":"https:\/\/museoriente.com\/ast\/wp-json\/wp\/v2\/pages\/1100\/revisions\/2520"}],"wp:featuredmedia":[{"embeddable":true,"href":"https:\/\/museoriente.com\/ast\/wp-json\/wp\/v2\/media\/1103"}],"wp:attachment":[{"href":"https:\/\/museoriente.com\/ast\/wp-json\/wp\/v2\/media?parent=1100"}],"curies":[{"name":"wp","href":"https:\/\/api.w.org\/{rel}","templated":true}]}}