{"id":1595,"date":"2025-05-09T16:29:46","date_gmt":"2025-05-09T14:29:46","guid":{"rendered":"https:\/\/museoriente.com\/?page_id=1595"},"modified":"2025-05-27T17:38:05","modified_gmt":"2025-05-27T15:38:05","slug":"actividaes-2","status":"publish","type":"page","link":"https:\/\/museoriente.com\/ast\/actividaes-2\/","title":{"rendered":"Publicaciones"},"content":{"rendered":"\t\t<div data-elementor-type=\"wp-page\" data-elementor-id=\"1595\" class=\"elementor elementor-1595 elementor-1594\" data-elementor-post-type=\"page\">\n\t\t\t\t<div class=\"elementor-element elementor-element-61f8a41 e-flex e-con-boxed e-con e-parent\" data-id=\"61f8a41\" data-element_type=\"container\" data-settings=\"{&quot;background_background&quot;:&quot;classic&quot;}\">\n\t\t\t\t\t<div class=\"e-con-inner\">\n\t\t\t\t\t<\/div>\n\t\t\t\t<\/div>\n\t\t<div class=\"elementor-element elementor-element-cf22dc1 e-flex e-con-boxed e-con e-parent\" data-id=\"cf22dc1\" data-element_type=\"container\">\n\t\t\t\t\t<div class=\"e-con-inner\">\n\t\t\t\t<div class=\"elementor-element elementor-element-1e5a2f0 elementor-invisible elementor-widget elementor-widget-heading\" data-id=\"1e5a2f0\" data-element_type=\"widget\" data-settings=\"{&quot;_animation&quot;:&quot;fadeInLeft&quot;,&quot;_animation_delay&quot;:200}\" data-widget_type=\"heading.default\">\n\t\t\t\t\t<h2 class=\"elementor-heading-title elementor-size-default\">Publicaciones<\/h2>\t\t\t\t<\/div>\n\t\t\t\t\t<\/div>\n\t\t\t\t<\/div>\n\t\t<div class=\"elementor-element elementor-element-802826e e-flex e-con-boxed e-con e-parent\" data-id=\"802826e\" data-element_type=\"container\">\n\t\t\t\t\t<div class=\"e-con-inner\">\n\t\t<div class=\"elementor-element elementor-element-b1ac388 e-grid e-con-full e-con e-child\" data-id=\"b1ac388\" data-element_type=\"container\">\n\t\t<div class=\"elementor-element elementor-element-954933c e-con-full e-flex elementor-invisible e-con e-child\" data-id=\"954933c\" data-element_type=\"container\" data-settings=\"{&quot;background_background&quot;:&quot;classic&quot;,&quot;animation&quot;:&quot;fadeInUp&quot;}\">\n\t\t<div class=\"elementor-element elementor-element-30e6702 e-con-full e-flex e-con e-child\" data-id=\"30e6702\" data-element_type=\"container\" data-settings=\"{&quot;background_background&quot;:&quot;classic&quot;}\">\n\t\t\t\t<div class=\"elementor-element elementor-element-40927dc elementor-widget elementor-widget-image\" data-id=\"40927dc\" data-element_type=\"widget\" data-widget_type=\"image.default\">\n\t\t\t\t\t\t\t\t\t\t\t\t\t\t\t\t<a href=\"https:\/\/museoriente.com\/ast\/helados-revuelta-catalogo-d-1\/\">\n\t\t\t\t\t\t\t<img fetchpriority=\"high\" decoding=\"async\" width=\"214\" height=\"300\" src=\"https:\/\/museoriente.com\/wp-content\/uploads\/2024\/12\/Monografia_01-214x300.webp\" class=\"attachment-medium size-medium wp-image-300\" alt=\"ver museos en asturias\" srcset=\"https:\/\/museoriente.com\/wp-content\/uploads\/2024\/12\/Monografia_01-214x300.webp 214w, https:\/\/museoriente.com\/wp-content\/uploads\/2024\/12\/Monografia_01-729x1024.webp 729w, https:\/\/museoriente.com\/wp-content\/uploads\/2024\/12\/Monografia_01-768x1078.webp 768w, https:\/\/museoriente.com\/wp-content\/uploads\/2024\/12\/Monografia_01.webp 916w\" sizes=\"(max-width: 214px) 100vw, 214px\" \/>\t\t\t\t\t\t\t\t<\/a>\n\t\t\t\t\t\t\t\t\t\t\t\t\t\t\t<\/div>\n\t\t\t\t<\/div>\n\t\t\t\t<div class=\"elementor-element elementor-element-a7570da elementor-widget elementor-widget-heading\" data-id=\"a7570da\" data-element_type=\"widget\" data-widget_type=\"heading.default\">\n\t\t\t\t\t<h3 class=\"elementor-heading-title elementor-size-default\">Helados Revuelta. Cuatro generaciones (1922-2022) <\/h3>\t\t\t\t<\/div>\n\t\t\t\t<div class=\"elementor-element elementor-element-491f9d5 elementor-widget elementor-widget-heading\" data-id=\"491f9d5\" data-element_type=\"widget\" data-settings=\"{&quot;_animation&quot;:&quot;none&quot;,&quot;_animation_delay&quot;:200}\" data-widget_type=\"heading.default\">\n\t\t\t\t\t<p class=\"elementor-heading-title elementor-size-default\">Yolanda Cerra Bada (2022)<\/p>\t\t\t\t<\/div>\n\t\t\t\t<div class=\"elementor-element elementor-element-2bf5c38 elementor-widget elementor-widget-button\" data-id=\"2bf5c38\" data-element_type=\"widget\" data-widget_type=\"button.default\">\n\t\t\t\t\t\t\t\t\t\t<a class=\"elementor-button elementor-button-link elementor-size-sm\" href=\"https:\/\/museoriente.com\/ast\/helados-revuelta-catalogo-d-1\/\" target=\"_blank\">\n\t\t\t\t\t\t<span class=\"elementor-button-content-wrapper\">\n\t\t\t\t\t\t\t\t\t<span class=\"elementor-button-text\">Ver monografia<\/span>\n\t\t\t\t\t<\/span>\n\t\t\t\t\t<\/a>\n\t\t\t\t\t\t\t\t<\/div>\n\t\t\t\t<\/div>\n\t\t<div class=\"elementor-element elementor-element-f055472 e-con-full e-flex elementor-invisible e-con e-child\" data-id=\"f055472\" data-element_type=\"container\" data-settings=\"{&quot;background_background&quot;:&quot;classic&quot;,&quot;animation&quot;:&quot;fadeInUp&quot;}\">\n\t\t<div class=\"elementor-element elementor-element-251b9df e-con-full e-flex e-con e-child\" data-id=\"251b9df\" data-element_type=\"container\" data-settings=\"{&quot;background_background&quot;:&quot;classic&quot;}\">\n\t\t\t\t<div class=\"elementor-element elementor-element-eaea027 elementor-widget elementor-widget-image\" data-id=\"eaea027\" data-element_type=\"widget\" data-widget_type=\"image.default\">\n\t\t\t\t\t\t\t\t\t\t\t\t\t\t\t\t<a href=\"https:\/\/museoriente.com\/ast\/mpa_datosantropoetnograficosdelaparteorientaldeasturias\/\">\n\t\t\t\t\t\t\t<img decoding=\"async\" width=\"217\" height=\"300\" src=\"https:\/\/museoriente.com\/wp-content\/uploads\/2024\/12\/Monografia_03-217x300.webp\" class=\"attachment-medium size-medium wp-image-298\" alt=\"ver museos en asturias\" srcset=\"https:\/\/museoriente.com\/wp-content\/uploads\/2024\/12\/Monografia_03-217x300.webp 217w, https:\/\/museoriente.com\/wp-content\/uploads\/2024\/12\/Monografia_03-742x1024.webp 742w, https:\/\/museoriente.com\/wp-content\/uploads\/2024\/12\/Monografia_03-768x1060.webp 768w, https:\/\/museoriente.com\/wp-content\/uploads\/2024\/12\/Monografia_03.webp 865w\" sizes=\"(max-width: 217px) 100vw, 217px\" \/>\t\t\t\t\t\t\t\t<\/a>\n\t\t\t\t\t\t\t\t\t\t\t\t\t\t\t<\/div>\n\t\t\t\t<\/div>\n\t\t\t\t<div class=\"elementor-element elementor-element-9c3a6ea elementor-widget elementor-widget-heading\" data-id=\"9c3a6ea\" data-element_type=\"widget\" data-widget_type=\"heading.default\">\n\t\t\t\t\t<h3 class=\"elementor-heading-title elementor-size-default\">Datos antropo-etnogr\u00e1ficos de la parte oriental de Asturias. El hombre y el medio [1920] <\/h3>\t\t\t\t<\/div>\n\t\t\t\t<div class=\"elementor-element elementor-element-df6f1b5 elementor-widget elementor-widget-heading\" data-id=\"df6f1b5\" data-element_type=\"widget\" data-settings=\"{&quot;_animation&quot;:&quot;none&quot;,&quot;_animation_delay&quot;:200}\" data-widget_type=\"heading.default\">\n\t\t\t\t\t<p class=\"elementor-heading-title elementor-size-default\">Mar\u00eda de la Purificaci\u00f3n Viyao Vald\u00e9s. Coordinadora: Yolanda Cerra Bada (2020) <\/p>\t\t\t\t<\/div>\n\t\t\t\t<div class=\"elementor-element elementor-element-e013b74 elementor-widget elementor-widget-button\" data-id=\"e013b74\" data-element_type=\"widget\" data-widget_type=\"button.default\">\n\t\t\t\t\t\t\t\t\t\t<a class=\"elementor-button elementor-button-link elementor-size-sm\" href=\"https:\/\/museoriente.com\/ast\/mpa_datosantropoetnograficosdelaparteorientaldeasturias\/\" target=\"_blank\">\n\t\t\t\t\t\t<span class=\"elementor-button-content-wrapper\">\n\t\t\t\t\t\t\t\t\t<span class=\"elementor-button-text\">Ver monografia<\/span>\n\t\t\t\t\t<\/span>\n\t\t\t\t\t<\/a>\n\t\t\t\t\t\t\t\t<\/div>\n\t\t\t\t<\/div>\n\t\t<div class=\"elementor-element elementor-element-02c40e7 e-con-full e-flex elementor-invisible e-con e-child\" data-id=\"02c40e7\" data-element_type=\"container\" data-settings=\"{&quot;background_background&quot;:&quot;classic&quot;,&quot;animation&quot;:&quot;fadeInUp&quot;}\">\n\t\t<div class=\"elementor-element elementor-element-98e3c2f e-con-full e-flex e-con e-child\" data-id=\"98e3c2f\" data-element_type=\"container\" data-settings=\"{&quot;background_background&quot;:&quot;classic&quot;}\">\n\t\t\t\t<div class=\"elementor-element elementor-element-9136a01 elementor-widget elementor-widget-image\" data-id=\"9136a01\" data-element_type=\"widget\" data-widget_type=\"image.default\">\n\t\t\t\t\t\t\t\t\t\t\t\t\t\t\t\t<a href=\"https:\/\/redmeda-bibliotecadigital.s3.eu-de.cloud-object-storage.appdomain.cloud\/elola-ruenes_2007_arquitectura.pdf\" target=\"_blank\">\n\t\t\t\t\t\t\t<img decoding=\"async\" width=\"235\" height=\"300\" src=\"https:\/\/museoriente.com\/wp-content\/uploads\/2024\/12\/Monografia_06-235x300.webp\" class=\"attachment-medium size-medium wp-image-295\" alt=\"que ver en museos asturias\" srcset=\"https:\/\/museoriente.com\/wp-content\/uploads\/2024\/12\/Monografia_06-235x300.webp 235w, https:\/\/museoriente.com\/wp-content\/uploads\/2024\/12\/Monografia_06.webp 690w\" sizes=\"(max-width: 235px) 100vw, 235px\" \/>\t\t\t\t\t\t\t\t<\/a>\n\t\t\t\t\t\t\t\t\t\t\t\t\t\t\t<\/div>\n\t\t\t\t<\/div>\n\t\t\t\t<div class=\"elementor-element elementor-element-0f71520 elementor-widget elementor-widget-heading\" data-id=\"0f71520\" data-element_type=\"widget\" data-widget_type=\"heading.default\">\n\t\t\t\t\t<h3 class=\"elementor-heading-title elementor-size-default\">Arquitectura religiosa popular en el concejo de Llanes<\/h3>\t\t\t\t<\/div>\n\t\t\t\t<div class=\"elementor-element elementor-element-88a4cc2 elementor-widget elementor-widget-heading\" data-id=\"88a4cc2\" data-element_type=\"widget\" data-settings=\"{&quot;_animation&quot;:&quot;none&quot;,&quot;_animation_delay&quot;:200}\" data-widget_type=\"heading.default\">\n\t\t\t\t\t<p class=\"elementor-heading-title elementor-size-default\">Marta Elola Molleda y Ana Ruenes Rubiales (2007)<\/p>\t\t\t\t<\/div>\n\t\t\t\t<div class=\"elementor-element elementor-element-23adfb4 elementor-widget elementor-widget-button\" data-id=\"23adfb4\" data-element_type=\"widget\" data-widget_type=\"button.default\">\n\t\t\t\t\t\t\t\t\t\t<a class=\"elementor-button elementor-button-link elementor-size-sm\" href=\"https:\/\/redmeda-bibliotecadigital.s3.eu-de.cloud-object-storage.appdomain.cloud\/elola-ruenes_2007_arquitectura.pdf\" target=\"_blank\">\n\t\t\t\t\t\t<span class=\"elementor-button-content-wrapper\">\n\t\t\t\t\t\t\t\t\t<span class=\"elementor-button-text\">Ver monografia<\/span>\n\t\t\t\t\t<\/span>\n\t\t\t\t\t<\/a>\n\t\t\t\t\t\t\t\t<\/div>\n\t\t\t\t<\/div>\n\t\t<div class=\"elementor-element elementor-element-9daf306 e-con-full e-flex elementor-invisible e-con e-child\" data-id=\"9daf306\" data-element_type=\"container\" data-settings=\"{&quot;background_background&quot;:&quot;classic&quot;,&quot;animation&quot;:&quot;fadeInUp&quot;}\">\n\t\t\t\t<div class=\"elementor-element elementor-element-d8f0c6c elementor-widget elementor-widget-image\" data-id=\"d8f0c6c\" data-element_type=\"widget\" data-widget_type=\"image.default\">\n\t\t\t\t\t\t\t\t\t\t\t\t\t\t\t\t<a href=\"https:\/\/redmeda-bibliotecadigital.s3.eu-de.cloud-object-storage.appdomain.cloud\/martinezlorenzo_2001_museodeloriente.pdf\" target=\"_blank\">\n\t\t\t\t\t\t\t<img loading=\"lazy\" decoding=\"async\" width=\"777\" height=\"779\" src=\"https:\/\/museoriente.com\/wp-content\/uploads\/2024\/12\/Monografia_02.webp\" class=\"attachment-large size-large wp-image-299\" alt=\"ver museos en asturias\" srcset=\"https:\/\/museoriente.com\/wp-content\/uploads\/2024\/12\/Monografia_02.webp 777w, https:\/\/museoriente.com\/wp-content\/uploads\/2024\/12\/Monografia_02-300x300.webp 300w, https:\/\/museoriente.com\/wp-content\/uploads\/2024\/12\/Monografia_02-150x150.webp 150w, https:\/\/museoriente.com\/wp-content\/uploads\/2024\/12\/Monografia_02-768x770.webp 768w\" sizes=\"(max-width: 777px) 100vw, 777px\" \/>\t\t\t\t\t\t\t\t<\/a>\n\t\t\t\t\t\t\t\t\t\t\t\t\t\t\t<\/div>\n\t\t\t\t<div class=\"elementor-element elementor-element-3fd7c2f elementor-widget elementor-widget-heading\" data-id=\"3fd7c2f\" data-element_type=\"widget\" data-widget_type=\"heading.default\">\n\t\t\t\t\t<h3 class=\"elementor-heading-title elementor-size-default\">Museo Etnogr\u00e1fico del Oriente de Asturias. Un acercamiento al mundo rural del oriente asturiano <\/h3>\t\t\t\t<\/div>\n\t\t\t\t<div class=\"elementor-element elementor-element-8c75a2d elementor-widget elementor-widget-heading\" data-id=\"8c75a2d\" data-element_type=\"widget\" data-settings=\"{&quot;_animation&quot;:&quot;none&quot;,&quot;_animation_delay&quot;:200}\" data-widget_type=\"heading.default\">\n\t\t\t\t\t<p class=\"elementor-heading-title elementor-size-default\">Luis Mart\u00ednez Lorenzo (2001)<\/p>\t\t\t\t<\/div>\n\t\t\t\t<div class=\"elementor-element elementor-element-9faa3a5 elementor-widget elementor-widget-button\" data-id=\"9faa3a5\" data-element_type=\"widget\" data-widget_type=\"button.default\">\n\t\t\t\t\t\t\t\t\t\t<a class=\"elementor-button elementor-button-link elementor-size-sm\" href=\"https:\/\/redmeda-bibliotecadigital.s3.eu-de.cloud-object-storage.appdomain.cloud\/martinezlorenzo_2001_museodeloriente.pdf\" target=\"_blank\">\n\t\t\t\t\t\t<span class=\"elementor-button-content-wrapper\">\n\t\t\t\t\t\t\t\t\t<span class=\"elementor-button-text\">Ver monografia<\/span>\n\t\t\t\t\t<\/span>\n\t\t\t\t\t<\/a>\n\t\t\t\t\t\t\t\t<\/div>\n\t\t\t\t<\/div>\n\t\t<div class=\"elementor-element elementor-element-ba38d15 e-con-full e-flex elementor-invisible e-con e-child\" data-id=\"ba38d15\" data-element_type=\"container\" data-settings=\"{&quot;background_background&quot;:&quot;classic&quot;,&quot;animation&quot;:&quot;fadeInUp&quot;}\">\n\t\t<div class=\"elementor-element elementor-element-8d4e1b5 e-con-full e-flex e-con e-child\" data-id=\"8d4e1b5\" data-element_type=\"container\" data-settings=\"{&quot;background_background&quot;:&quot;classic&quot;}\">\n\t\t\t\t<div class=\"elementor-element elementor-element-52acd6c elementor-widget elementor-widget-image\" data-id=\"52acd6c\" data-element_type=\"widget\" data-widget_type=\"image.default\">\n\t\t\t\t\t\t\t\t\t\t\t\t\t\t\t\t<a href=\"https:\/\/redmeda-bibliotecadigital.s3.eu-de.cloud-object-storage.appdomain.cloud\/villaverde_1997_coleccion.pdf\" target=\"_blank\">\n\t\t\t\t\t\t\t<img loading=\"lazy\" decoding=\"async\" width=\"218\" height=\"300\" src=\"https:\/\/museoriente.com\/wp-content\/uploads\/2024\/12\/Monografia_04-218x300.webp\" class=\"attachment-medium size-medium wp-image-296\" alt=\"que ver en museos asturias\" srcset=\"https:\/\/museoriente.com\/wp-content\/uploads\/2024\/12\/Monografia_04-218x300.webp 218w, https:\/\/museoriente.com\/wp-content\/uploads\/2024\/12\/Monografia_04.webp 641w\" sizes=\"(max-width: 218px) 100vw, 218px\" \/>\t\t\t\t\t\t\t\t<\/a>\n\t\t\t\t\t\t\t\t\t\t\t\t\t\t\t<\/div>\n\t\t\t\t<\/div>\n\t\t\t\t<div class=\"elementor-element elementor-element-846cc2b elementor-widget elementor-widget-heading\" data-id=\"846cc2b\" data-element_type=\"widget\" data-widget_type=\"heading.default\">\n\t\t\t\t\t<h3 class=\"elementor-heading-title elementor-size-default\">Colecci\u00f3n documental sobre la parroquia de Porr\u00faa y Puertu de Cuera<\/h3>\t\t\t\t<\/div>\n\t\t\t\t<div class=\"elementor-element elementor-element-1e720f9 elementor-widget elementor-widget-heading\" data-id=\"1e720f9\" data-element_type=\"widget\" data-settings=\"{&quot;_animation&quot;:&quot;none&quot;,&quot;_animation_delay&quot;:200}\" data-widget_type=\"heading.default\">\n\t\t\t\t\t<p class=\"elementor-heading-title elementor-size-default\">Jos\u00e9 Luis Villaverde Amieva (1997)<\/p>\t\t\t\t<\/div>\n\t\t\t\t<div class=\"elementor-element elementor-element-92cdda1 elementor-widget elementor-widget-button\" data-id=\"92cdda1\" data-element_type=\"widget\" data-widget_type=\"button.default\">\n\t\t\t\t\t\t\t\t\t\t<a class=\"elementor-button elementor-button-link elementor-size-sm\" href=\"https:\/\/redmeda-bibliotecadigital.s3.eu-de.cloud-object-storage.appdomain.cloud\/villaverde_1997_coleccion.pdf\" target=\"_blank\">\n\t\t\t\t\t\t<span class=\"elementor-button-content-wrapper\">\n\t\t\t\t\t\t\t\t\t<span class=\"elementor-button-text\">Ver monografia<\/span>\n\t\t\t\t\t<\/span>\n\t\t\t\t\t<\/a>\n\t\t\t\t\t\t\t\t<\/div>\n\t\t\t\t<\/div>\n\t\t<div class=\"elementor-element elementor-element-ee973cc e-con-full e-flex elementor-invisible e-con e-child\" data-id=\"ee973cc\" data-element_type=\"container\" data-settings=\"{&quot;background_background&quot;:&quot;classic&quot;,&quot;animation&quot;:&quot;fadeInUp&quot;}\">\n\t\t<div class=\"elementor-element elementor-element-363dba9 e-con-full e-flex e-con e-child\" data-id=\"363dba9\" data-element_type=\"container\" data-settings=\"{&quot;background_background&quot;:&quot;classic&quot;}\">\n\t\t\t\t<div class=\"elementor-element elementor-element-cd66522 elementor-widget elementor-widget-image\" data-id=\"cd66522\" data-element_type=\"widget\" data-widget_type=\"image.default\">\n\t\t\t\t\t\t\t\t\t\t\t\t\t\t\t\t<a href=\"https:\/\/redmeda-bibliotecadigital.s3.eu-de.cloud-object-storage.appdomain.cloud\/martinezfernandez_1997_porruanos.pdf\" target=\"_blank\">\n\t\t\t\t\t\t\t<img loading=\"lazy\" decoding=\"async\" width=\"254\" height=\"300\" src=\"https:\/\/museoriente.com\/wp-content\/uploads\/2024\/12\/Monografia_05-254x300.webp\" class=\"attachment-medium size-medium wp-image-297\" alt=\"que ver en museos asturias\" srcset=\"https:\/\/museoriente.com\/wp-content\/uploads\/2024\/12\/Monografia_05-254x300.webp 254w, https:\/\/museoriente.com\/wp-content\/uploads\/2024\/12\/Monografia_05-868x1024.webp 868w, https:\/\/museoriente.com\/wp-content\/uploads\/2024\/12\/Monografia_05-768x906.webp 768w, https:\/\/museoriente.com\/wp-content\/uploads\/2024\/12\/Monografia_05.webp 904w\" sizes=\"(max-width: 254px) 100vw, 254px\" \/>\t\t\t\t\t\t\t\t<\/a>\n\t\t\t\t\t\t\t\t\t\t\t\t\t\t\t<\/div>\n\t\t\t\t<\/div>\n\t\t\t\t<div class=\"elementor-element elementor-element-4b904d6 elementor-widget elementor-widget-heading\" data-id=\"4b904d6\" data-element_type=\"widget\" data-widget_type=\"heading.default\">\n\t\t\t\t\t<h3 class=\"elementor-heading-title elementor-size-default\">Porruanos. So jabla y sos costumbres <\/h3>\t\t\t\t<\/div>\n\t\t\t\t<div class=\"elementor-element elementor-element-0842fd1 elementor-widget elementor-widget-heading\" data-id=\"0842fd1\" data-element_type=\"widget\" data-settings=\"{&quot;_animation&quot;:&quot;none&quot;,&quot;_animation_delay&quot;:200}\" data-widget_type=\"heading.default\">\n\t\t\t\t\t<p class=\"elementor-heading-title elementor-size-default\">Rogelia Mart\u00ednez Fern\u00e1ndez (1997)<\/p>\t\t\t\t<\/div>\n\t\t\t\t<div class=\"elementor-element elementor-element-1278d2a elementor-widget elementor-widget-button\" data-id=\"1278d2a\" data-element_type=\"widget\" data-widget_type=\"button.default\">\n\t\t\t\t\t\t\t\t\t\t<a class=\"elementor-button elementor-button-link elementor-size-sm\" href=\"https:\/\/redmeda-bibliotecadigital.s3.eu-de.cloud-object-storage.appdomain.cloud\/martinezfernandez_1997_porruanos.pdf\" target=\"_blank\">\n\t\t\t\t\t\t<span class=\"elementor-button-content-wrapper\">\n\t\t\t\t\t\t\t\t\t<span class=\"elementor-button-text\">Ver monografia<\/span>\n\t\t\t\t\t<\/span>\n\t\t\t\t\t<\/a>\n\t\t\t\t\t\t\t\t<\/div>\n\t\t\t\t<\/div>\n\t\t\t\t<\/div>\n\t\t\t\t\t<\/div>\n\t\t\t\t<\/div>\n\t\t\t\t<\/div>\n\t\t","protected":false},"excerpt":{"rendered":"<p>Publicaciones Helados Revuelta. Cuatro generaciones (1922-2022) Yolanda Cerra Bada (2022) Ver monografia Datos antropo-etnogr\u00e1ficos de la parte oriental de Asturias. El hombre y el medio [1920] Mar\u00eda de la Purificaci\u00f3n Viyao Vald\u00e9s. Coordinadora: Yolanda Cerra Bada (2020) Ver monografia Arquitectura religiosa popular en el concejo de Llanes Marta Elola Molleda y Ana Ruenes Rubiales (2007) [&hellip;]<\/p>\n","protected":false},"author":5,"featured_media":875,"parent":0,"menu_order":5,"comment_status":"closed","ping_status":"closed","template":"elementor_header_footer","meta":{"_acf_changed":false,"footnotes":""},"class_list":["post-1595","page","type-page","status-publish","has-post-thumbnail","hentry"],"acf":[],"yoast_head":"<!-- This site is optimized with the Yoast SEO plugin v25.1 - https:\/\/yoast.com\/wordpress\/plugins\/seo\/ -->\n<title>Publicaciones - Museo del Oriente de Asturias<\/title>\n<meta name=\"description\" content=\"Conoce las historias que dan vida al Museo Etnogr\u00e1fico del Oriente de Asturias. Descubre relatos, tradiciones y personajes. \u00a1Conoce m\u00e1s!\" \/>\n<meta name=\"robots\" content=\"index, follow, max-snippet:-1, max-image-preview:large, max-video-preview:-1\" \/>\n<link rel=\"canonical\" href=\"https:\/\/museoriente.com\/ast\/actividaes-2\/\" \/>\n<meta property=\"og:locale\" content=\"en_US\" \/>\n<meta property=\"og:type\" content=\"article\" \/>\n<meta property=\"og:title\" content=\"Publicaciones - Museo del Oriente de Asturias\" \/>\n<meta property=\"og:description\" content=\"Conoce las historias que dan vida al Museo Etnogr\u00e1fico del Oriente de Asturias. Descubre relatos, tradiciones y personajes. \u00a1Conoce m\u00e1s!\" \/>\n<meta property=\"og:url\" content=\"https:\/\/museoriente.com\/ast\/actividaes-2\/\" \/>\n<meta property=\"og:site_name\" content=\"Museo del Oriente de Asturias\" \/>\n<meta property=\"article:modified_time\" content=\"2025-05-27T15:38:05+00:00\" \/>\n<meta property=\"og:image\" content=\"https:\/\/museoriente.com\/wp-content\/uploads\/2024\/12\/fotograia-hallazo-de-lo-ignorado.webp\" \/>\n\t<meta property=\"og:image:width\" content=\"1130\" \/>\n\t<meta property=\"og:image:height\" content=\"752\" \/>\n\t<meta property=\"og:image:type\" content=\"image\/webp\" \/>\n<meta name=\"twitter:card\" content=\"summary_large_image\" \/>\n<meta name=\"twitter:label1\" content=\"Est. reading time\" \/>\n\t<meta name=\"twitter:data1\" content=\"1 minute\" \/>\n<script type=\"application\/ld+json\" class=\"yoast-schema-graph\">{\"@context\":\"https:\/\/schema.org\",\"@graph\":[{\"@type\":\"WebPage\",\"@id\":\"https:\/\/museoriente.com\/ast\/actividaes-2\/\",\"url\":\"https:\/\/museoriente.com\/ast\/actividaes-2\/\",\"name\":\"Publicaciones - Museo del Oriente de Asturias\",\"isPartOf\":{\"@id\":\"https:\/\/museoriente.com\/ast\/#website\"},\"primaryImageOfPage\":{\"@id\":\"https:\/\/museoriente.com\/ast\/actividaes-2\/#primaryimage\"},\"image\":{\"@id\":\"https:\/\/museoriente.com\/ast\/actividaes-2\/#primaryimage\"},\"thumbnailUrl\":\"https:\/\/museoriente.com\/wp-content\/uploads\/2024\/12\/fotograia-hallazo-de-lo-ignorado.webp\",\"datePublished\":\"2025-05-09T14:29:46+00:00\",\"dateModified\":\"2025-05-27T15:38:05+00:00\",\"description\":\"Conoce las historias que dan vida al Museo Etnogr\u00e1fico del Oriente de Asturias. Descubre relatos, tradiciones y personajes. \u00a1Conoce m\u00e1s!\",\"breadcrumb\":{\"@id\":\"https:\/\/museoriente.com\/ast\/actividaes-2\/#breadcrumb\"},\"inLanguage\":\"ast-AST\",\"potentialAction\":[{\"@type\":\"ReadAction\",\"target\":[\"https:\/\/museoriente.com\/ast\/actividaes-2\/\"]}]},{\"@type\":\"ImageObject\",\"inLanguage\":\"ast-AST\",\"@id\":\"https:\/\/museoriente.com\/ast\/actividaes-2\/#primaryimage\",\"url\":\"https:\/\/museoriente.com\/wp-content\/uploads\/2024\/12\/fotograia-hallazo-de-lo-ignorado.webp\",\"contentUrl\":\"https:\/\/museoriente.com\/wp-content\/uploads\/2024\/12\/fotograia-hallazo-de-lo-ignorado.webp\",\"width\":1130,\"height\":752},{\"@type\":\"BreadcrumbList\",\"@id\":\"https:\/\/museoriente.com\/ast\/actividaes-2\/#breadcrumb\",\"itemListElement\":[{\"@type\":\"ListItem\",\"position\":1,\"name\":\"Portada\",\"item\":\"https:\/\/museoriente.com\/ast\/el-museo\/\"},{\"@type\":\"ListItem\",\"position\":2,\"name\":\"Publicaciones\"}]},{\"@type\":\"WebSite\",\"@id\":\"https:\/\/museoriente.com\/ast\/#website\",\"url\":\"https:\/\/museoriente.com\/ast\/\",\"name\":\"Museo Etnogr\u00e1fico del Oriente de Asturias\",\"description\":\"A mitad de camino entre el mar y la monta\u00f1a\",\"publisher\":{\"@id\":\"https:\/\/museoriente.com\/ast\/#organization\"},\"potentialAction\":[{\"@type\":\"SearchAction\",\"target\":{\"@type\":\"EntryPoint\",\"urlTemplate\":\"https:\/\/museoriente.com\/ast\/?s={search_term_string}\"},\"query-input\":{\"@type\":\"PropertyValueSpecification\",\"valueRequired\":true,\"valueName\":\"search_term_string\"}}],\"inLanguage\":\"ast-AST\"},{\"@type\":\"Organization\",\"@id\":\"https:\/\/museoriente.com\/ast\/#organization\",\"name\":\"Museo Etnogr\u00e1fico del Oriente de Asturias\",\"url\":\"https:\/\/museoriente.com\/ast\/\",\"logo\":{\"@type\":\"ImageObject\",\"inLanguage\":\"ast-AST\",\"@id\":\"https:\/\/museoriente.com\/ast\/#\/schema\/logo\/image\/\",\"url\":\"https:\/\/museoriente.com\/wp-content\/uploads\/2025\/05\/cropped-LOGO-MOA-FINAL-2025-HORIZONTAL.png\",\"contentUrl\":\"https:\/\/museoriente.com\/wp-content\/uploads\/2025\/05\/cropped-LOGO-MOA-FINAL-2025-HORIZONTAL.png\",\"width\":1372,\"height\":392,\"caption\":\"Museo Etnogr\u00e1fico del Oriente de Asturias\"},\"image\":{\"@id\":\"https:\/\/museoriente.com\/ast\/#\/schema\/logo\/image\/\"}}]}<\/script>\n<!-- \/ Yoast SEO plugin. -->","yoast_head_json":{"title":"Publicaciones - Museo del Oriente de Asturias","description":"Conoce las historias que dan vida al Museo Etnogr\u00e1fico del Oriente de Asturias. Descubre relatos, tradiciones y personajes. \u00a1Conoce m\u00e1s!","robots":{"index":"index","follow":"follow","max-snippet":"max-snippet:-1","max-image-preview":"max-image-preview:large","max-video-preview":"max-video-preview:-1"},"canonical":"https:\/\/museoriente.com\/ast\/actividaes-2\/","og_locale":"en_US","og_type":"article","og_title":"Publicaciones - Museo del Oriente de Asturias","og_description":"Conoce las historias que dan vida al Museo Etnogr\u00e1fico del Oriente de Asturias. Descubre relatos, tradiciones y personajes. \u00a1Conoce m\u00e1s!","og_url":"https:\/\/museoriente.com\/ast\/actividaes-2\/","og_site_name":"Museo del Oriente de Asturias","article_modified_time":"2025-05-27T15:38:05+00:00","og_image":[{"width":1130,"height":752,"url":"https:\/\/museoriente.com\/wp-content\/uploads\/2024\/12\/fotograia-hallazo-de-lo-ignorado.webp","type":"image\/webp"}],"twitter_card":"summary_large_image","twitter_misc":{"Est. reading time":"1 minute"},"schema":{"@context":"https:\/\/schema.org","@graph":[{"@type":"WebPage","@id":"https:\/\/museoriente.com\/ast\/actividaes-2\/","url":"https:\/\/museoriente.com\/ast\/actividaes-2\/","name":"Publicaciones - Museo del Oriente de Asturias","isPartOf":{"@id":"https:\/\/museoriente.com\/ast\/#website"},"primaryImageOfPage":{"@id":"https:\/\/museoriente.com\/ast\/actividaes-2\/#primaryimage"},"image":{"@id":"https:\/\/museoriente.com\/ast\/actividaes-2\/#primaryimage"},"thumbnailUrl":"https:\/\/museoriente.com\/wp-content\/uploads\/2024\/12\/fotograia-hallazo-de-lo-ignorado.webp","datePublished":"2025-05-09T14:29:46+00:00","dateModified":"2025-05-27T15:38:05+00:00","description":"Conoce las historias que dan vida al Museo Etnogr\u00e1fico del Oriente de Asturias. Descubre relatos, tradiciones y personajes. \u00a1Conoce m\u00e1s!","breadcrumb":{"@id":"https:\/\/museoriente.com\/ast\/actividaes-2\/#breadcrumb"},"inLanguage":"ast-AST","potentialAction":[{"@type":"ReadAction","target":["https:\/\/museoriente.com\/ast\/actividaes-2\/"]}]},{"@type":"ImageObject","inLanguage":"ast-AST","@id":"https:\/\/museoriente.com\/ast\/actividaes-2\/#primaryimage","url":"https:\/\/museoriente.com\/wp-content\/uploads\/2024\/12\/fotograia-hallazo-de-lo-ignorado.webp","contentUrl":"https:\/\/museoriente.com\/wp-content\/uploads\/2024\/12\/fotograia-hallazo-de-lo-ignorado.webp","width":1130,"height":752},{"@type":"BreadcrumbList","@id":"https:\/\/museoriente.com\/ast\/actividaes-2\/#breadcrumb","itemListElement":[{"@type":"ListItem","position":1,"name":"Portada","item":"https:\/\/museoriente.com\/ast\/el-museo\/"},{"@type":"ListItem","position":2,"name":"Publicaciones"}]},{"@type":"WebSite","@id":"https:\/\/museoriente.com\/ast\/#website","url":"https:\/\/museoriente.com\/ast\/","name":"Museo Etnogr\u00e1fico del Oriente de Asturias","description":"A mitad de camino entre el mar y la monta\u00f1a","publisher":{"@id":"https:\/\/museoriente.com\/ast\/#organization"},"potentialAction":[{"@type":"SearchAction","target":{"@type":"EntryPoint","urlTemplate":"https:\/\/museoriente.com\/ast\/?s={search_term_string}"},"query-input":{"@type":"PropertyValueSpecification","valueRequired":true,"valueName":"search_term_string"}}],"inLanguage":"ast-AST"},{"@type":"Organization","@id":"https:\/\/museoriente.com\/ast\/#organization","name":"Museo Etnogr\u00e1fico del Oriente de Asturias","url":"https:\/\/museoriente.com\/ast\/","logo":{"@type":"ImageObject","inLanguage":"ast-AST","@id":"https:\/\/museoriente.com\/ast\/#\/schema\/logo\/image\/","url":"https:\/\/museoriente.com\/wp-content\/uploads\/2025\/05\/cropped-LOGO-MOA-FINAL-2025-HORIZONTAL.png","contentUrl":"https:\/\/museoriente.com\/wp-content\/uploads\/2025\/05\/cropped-LOGO-MOA-FINAL-2025-HORIZONTAL.png","width":1372,"height":392,"caption":"Museo Etnogr\u00e1fico del Oriente de Asturias"},"image":{"@id":"https:\/\/museoriente.com\/ast\/#\/schema\/logo\/image\/"}}]}},"_links":{"self":[{"href":"https:\/\/museoriente.com\/ast\/wp-json\/wp\/v2\/pages\/1595","targetHints":{"allow":["GET"]}}],"collection":[{"href":"https:\/\/museoriente.com\/ast\/wp-json\/wp\/v2\/pages"}],"about":[{"href":"https:\/\/museoriente.com\/ast\/wp-json\/wp\/v2\/types\/page"}],"author":[{"embeddable":true,"href":"https:\/\/museoriente.com\/ast\/wp-json\/wp\/v2\/users\/5"}],"replies":[{"embeddable":true,"href":"https:\/\/museoriente.com\/ast\/wp-json\/wp\/v2\/comments?post=1595"}],"version-history":[{"count":3,"href":"https:\/\/museoriente.com\/ast\/wp-json\/wp\/v2\/pages\/1595\/revisions"}],"predecessor-version":[{"id":2184,"href":"https:\/\/museoriente.com\/ast\/wp-json\/wp\/v2\/pages\/1595\/revisions\/2184"}],"wp:featuredmedia":[{"embeddable":true,"href":"https:\/\/museoriente.com\/ast\/wp-json\/wp\/v2\/media\/875"}],"wp:attachment":[{"href":"https:\/\/museoriente.com\/ast\/wp-json\/wp\/v2\/media?parent=1595"}],"curies":[{"name":"wp","href":"https:\/\/api.w.org\/{rel}","templated":true}]}}